{"id":1131,"date":"2018-02-22T12:21:48","date_gmt":"2018-02-22T11:21:48","guid":{"rendered":"https:\/\/www.apotheke-am-dermatologikum.de\/?page_id=1131"},"modified":"2018-05-31T15:48:50","modified_gmt":"2018-05-31T13:48:50","slug":"schwerpunkte","status":"publish","type":"page","link":"https:\/\/www.apotheke-am-dermatologikum.de\/index.php\/schwerpunkte\/","title":{"rendered":"Schwerpunkte"},"content":{"rendered":"<div id='full_slider_1'  class='avia-fullwidth-slider main_color avia-shadow   avia-builder-el-0  el_before_av_section  avia-builder-el-first   container_wrap sidebar_right'  ><div  class='avia-slideshow av-av_slideshow_full-076f5aa13cb5f24f75dfac11188d6166 avia-slideshow-featured av_slideshow_full avia-fade-slider av-slideshow-ui av-control-hidden av-no-slider-navigation av-hide-nav-arrows av-slideshow-autoplay av-loop-endless av-loop-manual-endless av-default-height-applied   avia-slideshow-1' data-slideshow-options=\"{&quot;animation&quot;:&quot;fade&quot;,&quot;autoplay&quot;:true,&quot;loop_autoplay&quot;:&quot;endless&quot;,&quot;interval&quot;:5,&quot;loop_manual&quot;:&quot;manual-endless&quot;,&quot;autoplay_stopper&quot;:false,&quot;noNavigation&quot;:true,&quot;bg_slider&quot;:false,&quot;keep_padding&quot;:false,&quot;hoverpause&quot;:false,&quot;show_slide_delay&quot;:0}\"  itemprop=\"image\" itemscope=\"itemscope\" itemtype=\"https:\/\/schema.org\/ImageObject\" ><ul class='avia-slideshow-inner ' style='padding-bottom: 42.115572967679%;'><li  class='avia-slideshow-slide av-av_slideshow_full-076f5aa13cb5f24f75dfac11188d6166__0  av-single-slide slide-1 slide-odd'><div data-rel='slideshow-1' class='avia-slide-wrap '   ><img fetchpriority=\"high\" class=\"wp-image-824 avia-img-lazy-loading-not-824\"  src='https:\/\/www.apotheke-am-dermatologikum.de\/wp-content\/uploads\/2018\/01\/72er_Apo_Stephan_GRA4245-1021x430.jpg' width='1021' height='430' title='72er_Apo_Stephan_GRA4245' alt=''  itemprop=\"thumbnailUrl\"   \/><\/div><\/li><\/ul><\/div><\/div>\n\n<style type=\"text\/css\" data-created_by=\"avia_inline_auto\" id=\"style-css-av-av_section-d965d81d4ee8e54f82b38c8ea5f58931\">\n.avia-section.av-av_section-d965d81d4ee8e54f82b38c8ea5f58931{\nbackground-color:#f4edde;\nbackground-image:unset;\n}\n<\/style>\n<div id='av_section_1'  class='avia-section av-av_section-d965d81d4ee8e54f82b38c8ea5f58931 main_color avia-section-large avia-no-border-styling  avia-builder-el-1  el_after_av_slideshow_full  el_before_av_section  avia-bg-style-scroll container_wrap sidebar_right'  ><div class='container av-section-cont-open' ><div class='template-page content  av-content-small alpha units'><div class='post-entry post-entry-type-page post-entry-1131'><div class='entry-content-wrapper clearfix'>\n\n<style type=\"text\/css\" data-created_by=\"avia_inline_auto\" id=\"style-css-av-av_heading-9e8d4c2b54cd01bcf049bc81697bf76f\">\n#top .av-special-heading.av-av_heading-9e8d4c2b54cd01bcf049bc81697bf76f{\npadding-bottom:0;\n}\nbody .av-special-heading.av-av_heading-9e8d4c2b54cd01bcf049bc81697bf76f .av-special-heading-tag .heading-char{\nfont-size:25px;\n}\n.av-special-heading.av-av_heading-9e8d4c2b54cd01bcf049bc81697bf76f .av-subheading{\nfont-size:15px;\n}\n<\/style>\n<div  class='av-special-heading av-av_heading-9e8d4c2b54cd01bcf049bc81697bf76f av-special-heading-h2 blockquote modern-quote modern-centered  avia-builder-el-2  el_before_av_hr  avia-builder-el-first '><h2 class='av-special-heading-tag'  itemprop=\"headline\"  >Unsere Schwerpunkte<\/h2><div class=\"special-heading-border\"><div class=\"special-heading-inner-border\"><\/div><\/div><\/div>\n\n<style type=\"text\/css\" data-created_by=\"avia_inline_auto\" id=\"style-css-av-av_hr-e13872f8c9c593a84e874dbf17260545\">\n#top .hr.hr-invisible.av-av_hr-e13872f8c9c593a84e874dbf17260545{\nheight:40px;\n}\n<\/style>\n<div  class='hr av-av_hr-e13872f8c9c593a84e874dbf17260545 hr-invisible  avia-builder-el-3  el_after_av_heading  avia-builder-el-last '><span class='hr-inner '><span class=\"hr-inner-style\"><\/span><\/span><\/div>\n\n<\/div><\/div><\/div><!-- close content main div --><\/div><\/div><div id='av_section_2'  class='avia-section av-av_section-2dcda1862a94bb522b437cf4f29dd74d main_color avia-section-default avia-no-shadow  avia-builder-el-4  el_after_av_section  el_before_av_section  avia-bg-style-scroll container_wrap sidebar_right'  ><div class='container av-section-cont-open' ><div class='template-page content  av-content-small alpha units'><div class='post-entry post-entry-type-page post-entry-1131'><div class='entry-content-wrapper clearfix'>\n\n<style type=\"text\/css\" data-created_by=\"avia_inline_auto\" id=\"style-css-av-av_hr-e13872f8c9c593a84e874dbf17260545\">\n#top .hr.hr-invisible.av-av_hr-e13872f8c9c593a84e874dbf17260545{\nheight:40px;\n}\n<\/style>\n<div  class='hr av-av_hr-e13872f8c9c593a84e874dbf17260545 hr-invisible  avia-builder-el-5  el_before_av_one_half  avia-builder-el-first '><span class='hr-inner '><span class=\"hr-inner-style\"><\/span><\/span><\/div>\n\n<style type=\"text\/css\" data-created_by=\"avia_inline_auto\" id=\"style-css-av-av_one_half-15d750bd1b332b34c6e70b077ebbccdf\">\n.flex_column.av-av_one_half-15d750bd1b332b34c6e70b077ebbccdf{\nborder-radius:0px 0px 0px 0px;\npadding:0px 0px 0px 0px;\n}\n<\/style>\n<div  class='flex_column av-av_one_half-15d750bd1b332b34c6e70b077ebbccdf av_one_half  avia-builder-el-6  el_after_av_hr  el_before_av_one_half  first flex_column_div av-zero-column-padding  '     ><section  class='av_textblock_section av-av_textblock-2bd894dbf2e4bf2c4acf98ce4fbf94aa '   itemscope=\"itemscope\" itemtype=\"https:\/\/schema.org\/CreativeWork\" ><div class='avia_textblock'  itemprop=\"text\" ><h3 class=\"p1\"><strong><span class=\"s1\">Besonders gut f\u00fcr Sie!<\/span><\/strong><\/h3>\n<p class=\"p1\"><span class=\"s1\">Als Apotheke beraten wir Sie selbstverst\u00e4ndlich sehr gerne und kompetent zu allen \u00fcblichen Patientenbed\u00fcrfnissen und sind auf die Belieferung der g\u00e4ngigen Verordnungen ausgerichtet. Damit sind Sie bei uns immer richtig!<\/span><\/p>\n<p class=\"p1\"><span class=\"s1\">Bedingt auf die intensive Zusammenarbeit insbesondere mit den Praxen im Hause und in der nahen Umgebung haben wir aber einige besondere <a href=\"https:\/\/www.apotheke-am-dermatologikum.de\/index.php\/schwerpunkte\/\">Schwerpunkte:\u00a0<\/a><\/span><\/p>\n<ul>\n<li><a href=\"https:\/\/www.apotheke-am-dermatologikum.de\/index.php\/schwerpunkte\/#dermatologie\">Dermatologie<\/a><\/li>\n<li><a href=\"https:\/\/www.apotheke-am-dermatologikum.de\/index.php\/schwerpunkte\/#innere_medizin\">innere Medizin<\/a><\/li>\n<li><a href=\"https:\/\/www.apotheke-am-dermatologikum.de\/index.php\/schwerpunkte\/#sportmedizin\">Sportmedizin<\/a><\/li>\n<li><a href=\"https:\/\/www.apotheke-am-dermatologikum.de\/index.php\/schwerpunkte\/#kosmetik\">Kosmetik<\/a><\/li>\n<li><a href=\"https:\/\/www.apotheke-am-dermatologikum.de\/index.php\/schwerpunkte\/#natur\">Natur<\/a><\/li>\n<\/ul>\n<\/div><\/section><\/div>\n<style type=\"text\/css\" data-created_by=\"avia_inline_auto\" id=\"style-css-av-av_one_half-c8fc129dc35fd1ae2a1e410224d39ea8\">\n.flex_column.av-av_one_half-c8fc129dc35fd1ae2a1e410224d39ea8{\nborder-radius:0px 0px 0px 0px;\npadding:0px 0px 0px 0px;\n}\n<\/style>\n<div  class='flex_column av-av_one_half-c8fc129dc35fd1ae2a1e410224d39ea8 av_one_half  avia-builder-el-8  el_after_av_one_half  el_before_av_hr  flex_column_div av-zero-column-padding  '     ><style type=\"text\/css\" data-created_by=\"avia_inline_auto\" id=\"style-css-av-av_image-38d46f09feb6dc2e7032074f04fcee27\">\n.avia-image-container.av-av_image-38d46f09feb6dc2e7032074f04fcee27 img.avia_image{\nbox-shadow:none;\n}\n.avia-image-container.av-av_image-38d46f09feb6dc2e7032074f04fcee27 .av-image-caption-overlay-center{\ncolor:#ffffff;\n}\n<\/style>\n<div  class='avia-image-container av-av_image-38d46f09feb6dc2e7032074f04fcee27 av-styling- avia-align-center  avia-builder-el-9  avia-builder-el-no-sibling '   itemprop=\"image\" itemscope=\"itemscope\" itemtype=\"https:\/\/schema.org\/ImageObject\" ><div class=\"avia-image-container-inner\"><div class=\"avia-image-overlay-wrap\"><img fetchpriority=\"high\" class='wp-image-1248 avia-img-lazy-loading-not-1248 avia_image ' src='https:\/\/www.apotheke-am-dermatologikum.de\/wp-content\/uploads\/2018\/03\/Slider_2c-845x680.png' alt='' title='Slider_2c'  height=\"680\" width=\"845\"  itemprop=\"thumbnailUrl\"  \/><\/div><\/div><\/div><\/div>\n<style type=\"text\/css\" data-created_by=\"avia_inline_auto\" id=\"style-css-av-av_hr-e13872f8c9c593a84e874dbf17260545\">\n#top .hr.hr-invisible.av-av_hr-e13872f8c9c593a84e874dbf17260545{\nheight:40px;\n}\n<\/style>\n<div  class='hr av-av_hr-e13872f8c9c593a84e874dbf17260545 hr-invisible  avia-builder-el-10  el_after_av_one_half  avia-builder-el-last '><span class='hr-inner '><span class=\"hr-inner-style\"><\/span><\/span><\/div>\n\n<\/div><\/div><\/div><!-- close content main div --><\/div><\/div>\n<style type=\"text\/css\" data-created_by=\"avia_inline_auto\" id=\"style-css-av-av_section-471f91d0711bfa8d7e3a69251691508f\">\n.avia-section.av-av_section-471f91d0711bfa8d7e3a69251691508f{\nbackground-color:#f4edde;\nbackground-image:unset;\n}\n<\/style>\n<div id='dermatologie'  class='avia-section av-av_section-471f91d0711bfa8d7e3a69251691508f main_color avia-section-default avia-no-shadow  avia-builder-el-11  el_after_av_section  el_before_av_section  avia-bg-style-scroll container_wrap sidebar_right'  ><div class='container av-section-cont-open' ><div class='template-page content  av-content-small alpha units'><div class='post-entry post-entry-type-page post-entry-1131'><div class='entry-content-wrapper clearfix'>\n\n<style type=\"text\/css\" data-created_by=\"avia_inline_auto\" id=\"style-css-av-av_hr-e13872f8c9c593a84e874dbf17260545\">\n#top .hr.hr-invisible.av-av_hr-e13872f8c9c593a84e874dbf17260545{\nheight:40px;\n}\n<\/style>\n<div  class='hr av-av_hr-e13872f8c9c593a84e874dbf17260545 hr-invisible  avia-builder-el-12  el_before_av_one_half  avia-builder-el-first '><span class='hr-inner '><span class=\"hr-inner-style\"><\/span><\/span><\/div>\n\n<style type=\"text\/css\" data-created_by=\"avia_inline_auto\" id=\"style-css-av-av_one_half-15d750bd1b332b34c6e70b077ebbccdf\">\n.flex_column.av-av_one_half-15d750bd1b332b34c6e70b077ebbccdf{\nborder-radius:0px 0px 0px 0px;\npadding:0px 0px 0px 0px;\n}\n<\/style>\n<div  class='flex_column av-av_one_half-15d750bd1b332b34c6e70b077ebbccdf av_one_half  avia-builder-el-13  el_after_av_hr  el_before_av_one_half  first flex_column_div av-zero-column-padding  '     ><section  class='av_textblock_section av-av_textblock-2bd894dbf2e4bf2c4acf98ce4fbf94aa '   itemscope=\"itemscope\" itemtype=\"https:\/\/schema.org\/CreativeWork\" ><div class='avia_textblock'  itemprop=\"text\" ><h3><strong>Schwerpunkt Dermatologie: Alles f\u00fcr Ihre Haut!<\/strong><\/h3>\n<p>Wir verstehen uns als pharmazeutischen Probleml\u00f6ser f\u00fcr alle Fragen rund um das Thema Haut. Als Partner des Dermatologikums (Link \u00f6ffnet neues Fenster) bieten wir Ihnen stets ein umfangreiches, auf die Bed\u00fcrfnisse der Praxis abgestimmtes Sortiment an Medikamenten und Pflegeprodukten.<br \/>\n<strong><br \/>\n<\/strong>Hautprobleme haben h\u00e4ufig komplexe Ursachen. Deshalb beraten wir ganzheitlich und ber\u00fccksichtigen Ern\u00e4hrung, Lebensumst\u00e4nde etc. Unsere Mitarbeiter sind alle speziell dermatologisch und kosmetisch geschult und helfen Ihnen gerne bei allen Fragen.<br \/>\n<strong><br \/>\n<\/strong>Gerade f\u00fcr die Haut werden h\u00e4ufig individuelle Rezepturen verordnet. In unserer Rezeptur verwenden wir die modernsten Ger\u00e4te und Technologien. Cremes, Salben und viele andere Produkte stellen wir individuell f\u00fcr Sie her \u2013 computerunterst\u00fctzt, qualit\u00e4tsgesichert und dokumentiert.<br \/>\n<strong><br \/>\n<\/strong>Diese dermatologische Kompetenz zeigen wir Ihnen auch gerne. Deshalb haben wir unsere Rezeptur in die Offizin so integriert, dass Sie uns bei der professionellen Herstellung von Salben, Kapseln, Cremes und vielem mehr zuschauen k\u00f6nnen.<\/p>\n<\/div><\/section><\/div>\n<style type=\"text\/css\" data-created_by=\"avia_inline_auto\" id=\"style-css-av-av_one_half-c8fc129dc35fd1ae2a1e410224d39ea8\">\n.flex_column.av-av_one_half-c8fc129dc35fd1ae2a1e410224d39ea8{\nborder-radius:0px 0px 0px 0px;\npadding:0px 0px 0px 0px;\n}\n<\/style>\n<div  class='flex_column av-av_one_half-c8fc129dc35fd1ae2a1e410224d39ea8 av_one_half  avia-builder-el-15  el_after_av_one_half  el_before_av_hr  flex_column_div av-zero-column-padding  '     ><style type=\"text\/css\" data-created_by=\"avia_inline_auto\" id=\"style-css-av-av_image-b5d85797c36d45959c83c90f76a35ff7\">\n.avia-image-container.av-av_image-b5d85797c36d45959c83c90f76a35ff7 img.avia_image{\nbox-shadow:none;\n}\n.avia-image-container.av-av_image-b5d85797c36d45959c83c90f76a35ff7 .av-image-caption-overlay-center{\ncolor:#ffffff;\n}\n<\/style>\n<div  class='avia-image-container av-av_image-b5d85797c36d45959c83c90f76a35ff7 av-styling- avia-align-center  avia-builder-el-16  avia-builder-el-no-sibling '   itemprop=\"image\" itemscope=\"itemscope\" itemtype=\"https:\/\/schema.org\/ImageObject\" ><div class=\"avia-image-container-inner\"><div class=\"avia-image-overlay-wrap\"><img fetchpriority=\"high\" class='wp-image-947 avia-img-lazy-loading-not-947 avia_image ' src='https:\/\/www.apotheke-am-dermatologikum.de\/wp-content\/uploads\/2018\/01\/72er_Apo_Stephan_GRA4245-1-845x680.jpg' alt='' title='72er_Apo_Stephan_GRA4245'  height=\"680\" width=\"845\"  itemprop=\"thumbnailUrl\"  \/><\/div><\/div><\/div><\/div>\n<style type=\"text\/css\" data-created_by=\"avia_inline_auto\" id=\"style-css-av-av_hr-e13872f8c9c593a84e874dbf17260545\">\n#top .hr.hr-invisible.av-av_hr-e13872f8c9c593a84e874dbf17260545{\nheight:40px;\n}\n<\/style>\n<div  class='hr av-av_hr-e13872f8c9c593a84e874dbf17260545 hr-invisible  avia-builder-el-17  el_after_av_one_half  avia-builder-el-last '><span class='hr-inner '><span class=\"hr-inner-style\"><\/span><\/span><\/div>\n<\/div><\/div><\/div><!-- close content main div --><\/div><\/div><div id='innere_medizin'  class='avia-section av-av_section-b3bab4c9d31d481370c1511457d5593c main_color avia-section-default avia-no-shadow  avia-builder-el-18  el_after_av_section  el_before_av_section  avia-bg-style-scroll container_wrap sidebar_right'  ><div class='container av-section-cont-open' ><div class='template-page content  av-content-small alpha units'><div class='post-entry post-entry-type-page post-entry-1131'><div class='entry-content-wrapper clearfix'>\n\n<style type=\"text\/css\" data-created_by=\"avia_inline_auto\" id=\"style-css-av-av_hr-e13872f8c9c593a84e874dbf17260545\">\n#top .hr.hr-invisible.av-av_hr-e13872f8c9c593a84e874dbf17260545{\nheight:40px;\n}\n<\/style>\n<div  class='hr av-av_hr-e13872f8c9c593a84e874dbf17260545 hr-invisible  avia-builder-el-19  el_before_av_one_half  avia-builder-el-first '><span class='hr-inner '><span class=\"hr-inner-style\"><\/span><\/span><\/div>\n\n<style type=\"text\/css\" data-created_by=\"avia_inline_auto\" id=\"style-css-av-av_one_half-15d750bd1b332b34c6e70b077ebbccdf\">\n.flex_column.av-av_one_half-15d750bd1b332b34c6e70b077ebbccdf{\nborder-radius:0px 0px 0px 0px;\npadding:0px 0px 0px 0px;\n}\n<\/style>\n<div  class='flex_column av-av_one_half-15d750bd1b332b34c6e70b077ebbccdf av_one_half  avia-builder-el-20  el_after_av_hr  el_before_av_one_half  first flex_column_div av-zero-column-padding  '     ><section  class='av_textblock_section av-av_textblock-2bd894dbf2e4bf2c4acf98ce4fbf94aa '   itemscope=\"itemscope\" itemtype=\"https:\/\/schema.org\/CreativeWork\" ><div class='avia_textblock'  itemprop=\"text\" ><h3>Schwerpunkt Innere Medizin: Wir sind f\u00fcr Sie da<\/h3>\n<p>Durch die enge Zusammenarbeit mit dem Klinikum am Stephansplatz, dem Zentrum f\u00fcr Interdisziplin\u00e4re Medizin (Link \u00f6ffnet neues Fenster), haben wir viel Erfahrung mit der Behandlung und Versorgung von Patienten in allen Bereichen der inneren Medizin.<\/p>\n<p>Internistische Erkrankungen (wie zum Beispiel rheumatologische und neurologische Krankheiten) bedeuten in der Regel eine gro\u00dfe Belastung f\u00fcr die betroffenen Patienten. H\u00e4ufig m\u00fcssen sehr teure Medikamente verordnet werden, die zudem oftmals vom Patienten selber gar nicht appliziert werden k\u00f6nnen.<\/p>\n<p>Da viele Apotheken aus wirtschaftlichen Gr\u00fcnden besonders teure Medikamente kaum noch bevorraten, stehen Patienten h\u00e4ufig vor dem Problem ihre Medikamente nicht unmittelbar zu bekommen. Die Pr\u00e4parate m\u00fcssen dann bestellt werden und der Patient muss mindestens zweimal zur Apotheke gehen und h\u00e4ufig auch noch ein paar Tage warten.<\/p>\n<p>Die Apotheke am Dermatologikum hat sich auf die Betreuung von Patienten mit Internistischen Erkrankungen und insbesondere auf Neurologie-Patienten spezialisiert und ein Schwerpunktprogramm zur optimalen Betreuung entwickelt.<\/p>\n<p>Ihre Vorteile im Schwerpunktprogramm Innere Medizin:<\/p>\n<ul>\n<li>Permanente Verf\u00fcgbarkeit Ihrer erforderlichen Medikamente<\/li>\n<li>Kostenlose Rezeptzusendung<\/li>\n<li>Kostenlose Lieferung der Medikamente an die genannte Adresse oder direkt in die betreuende Arztpraxis<\/li>\n<li>Telefonische Patientenbetreuung w\u00e4hrend der \u00d6ffnungszeiten der Apotheke<\/li>\n<li>Ganzheitliche pharmakologische Begleitung mit Interaktionschecks und Unvertr\u00e4glichkeitspr\u00fcfung Ihrer gesamten Medikation<\/li>\n<li>Als Teilnehmer unseres Schwerpunktprogrammes erhalten Sie doppelte Bonuspunkte (bis zu 8% Rabatt) bei allen Bestellungen rezeptfreier Medikamente in unserer Online-Apotheke unter www.die-apotheke-liefert.de<\/li>\n<\/ul>\n<p class=\"p1\"><span class=\"s1\">Nehmen Sie Teil an unserem Schwerpunktprogramm Internistische Medizin \/ Neurologie und nutzen Sie ab sofort die Vorteile einer erstklassigen Apothekenbetreuung!<\/span><\/p>\n<p class=\"p1\"><span class=\"s1\">F\u00fcllen Sie einfach den Antrag auf der R\u00fcckseite aus und senden uns diesen zusammen mit Ihrem Rezept zu. <\/span><\/p>\n<p class=\"p1\"><span class=\"s1\">Sobald wir beides erhalten haben, nehmen wir Sie in unser Programm auf, stellen Ihnen umgehend die gew\u00fcnschten Medikamente zu und bieten Ihnen ab sofort alle Vorteile.<\/span><\/p>\n<\/div><\/section><\/div>\n<style type=\"text\/css\" data-created_by=\"avia_inline_auto\" id=\"style-css-av-av_one_half-c8fc129dc35fd1ae2a1e410224d39ea8\">\n.flex_column.av-av_one_half-c8fc129dc35fd1ae2a1e410224d39ea8{\nborder-radius:0px 0px 0px 0px;\npadding:0px 0px 0px 0px;\n}\n<\/style>\n<div  class='flex_column av-av_one_half-c8fc129dc35fd1ae2a1e410224d39ea8 av_one_half  avia-builder-el-22  el_after_av_one_half  el_before_av_hr  flex_column_div av-zero-column-padding  '     ><style type=\"text\/css\" data-created_by=\"avia_inline_auto\" id=\"style-css-av-av_image-3aa6fe6b747e9fc51da85a4b9caedb7e\">\n.avia-image-container.av-av_image-3aa6fe6b747e9fc51da85a4b9caedb7e img.avia_image{\nbox-shadow:none;\n}\n.avia-image-container.av-av_image-3aa6fe6b747e9fc51da85a4b9caedb7e .av-image-caption-overlay-center{\ncolor:#ffffff;\n}\n<\/style>\n<div  class='avia-image-container av-av_image-3aa6fe6b747e9fc51da85a4b9caedb7e av-styling- avia-align-center  avia-builder-el-23  avia-builder-el-no-sibling '   itemprop=\"image\" itemscope=\"itemscope\" itemtype=\"https:\/\/schema.org\/ImageObject\" ><div class=\"avia-image-container-inner\"><div class=\"avia-image-overlay-wrap\"><img fetchpriority=\"high\" class='wp-image-1215 avia-img-lazy-loading-not-1215 avia_image ' src='https:\/\/www.apotheke-am-dermatologikum.de\/wp-content\/uploads\/2018\/03\/Schwerpunkt_Innere_Medizin-845x684.jpg' alt='' title='Schwerpunkt_Innere_Medizin'  height=\"684\" width=\"845\"  itemprop=\"thumbnailUrl\"  \/><\/div><\/div><\/div><\/div>\n<style type=\"text\/css\" data-created_by=\"avia_inline_auto\" id=\"style-css-av-av_hr-e13872f8c9c593a84e874dbf17260545\">\n#top .hr.hr-invisible.av-av_hr-e13872f8c9c593a84e874dbf17260545{\nheight:40px;\n}\n<\/style>\n<div  class='hr av-av_hr-e13872f8c9c593a84e874dbf17260545 hr-invisible  avia-builder-el-24  el_after_av_one_half  avia-builder-el-last '><span class='hr-inner '><span class=\"hr-inner-style\"><\/span><\/span><\/div>\n<\/div><\/div><\/div><!-- close content main div --><\/div><\/div>\n<style type=\"text\/css\" data-created_by=\"avia_inline_auto\" id=\"style-css-av-av_section-7ff5acd9664a6c70b4cb7cd1da3d3456\">\n.avia-section.av-av_section-7ff5acd9664a6c70b4cb7cd1da3d3456{\nbackground-color:#f4edde;\nbackground-image:unset;\n}\n<\/style>\n<div id='sportmedizin'  class='avia-section av-av_section-7ff5acd9664a6c70b4cb7cd1da3d3456 main_color avia-section-default avia-no-shadow  avia-builder-el-25  el_after_av_section  el_before_av_section  avia-bg-style-scroll container_wrap sidebar_right'  ><div class='container av-section-cont-open' ><div class='template-page content  av-content-small alpha units'><div class='post-entry post-entry-type-page post-entry-1131'><div class='entry-content-wrapper clearfix'>\n\n<style type=\"text\/css\" data-created_by=\"avia_inline_auto\" id=\"style-css-av-av_hr-e13872f8c9c593a84e874dbf17260545\">\n#top .hr.hr-invisible.av-av_hr-e13872f8c9c593a84e874dbf17260545{\nheight:40px;\n}\n<\/style>\n<div  class='hr av-av_hr-e13872f8c9c593a84e874dbf17260545 hr-invisible  avia-builder-el-26  el_before_av_one_half  avia-builder-el-first '><span class='hr-inner '><span class=\"hr-inner-style\"><\/span><\/span><\/div>\n\n<style type=\"text\/css\" data-created_by=\"avia_inline_auto\" id=\"style-css-av-av_one_half-15d750bd1b332b34c6e70b077ebbccdf\">\n.flex_column.av-av_one_half-15d750bd1b332b34c6e70b077ebbccdf{\nborder-radius:0px 0px 0px 0px;\npadding:0px 0px 0px 0px;\n}\n<\/style>\n<div  class='flex_column av-av_one_half-15d750bd1b332b34c6e70b077ebbccdf av_one_half  avia-builder-el-27  el_after_av_hr  el_before_av_one_half  first flex_column_div av-zero-column-padding  '     ><section  class='av_textblock_section av-av_textblock-2bd894dbf2e4bf2c4acf98ce4fbf94aa '   itemscope=\"itemscope\" itemtype=\"https:\/\/schema.org\/CreativeWork\" ><div class='avia_textblock'  itemprop=\"text\" ><h3>Schwerpunkt Sportmedizin und Ern\u00e4hrung: Sport und Gesundheit am Stephansplatz<\/h3>\n<p>Im direkt \u00fcber uns im Haus gelegenen LANS Medicum (Link \u00f6ffnet neues Fenster) treffen modernste Sportmedizin und Diagnostik auf traditionelle Naturheilverfahren. Ein interdisziplin\u00e4res sportmedizinisches Team von Fach\u00e4rzten, Sportwissenschaftlern, Physiotherapeuten, Osteopathen und Ern\u00e4hrungswissenschaftlern beantwortet dort alle Fragen rund um Ihre Gesundheit.<br \/>\nWir d\u00fcrfen viele Profis unterschiedlicher Sportarten betreuen, haben uns aber nat\u00fcrlich auch auf den Bedarf von Hobbysportlern ausgerichtet und beraten Sie gerne ausf\u00fchrlich, was Sie tun k\u00f6nnen<\/p>\n<ul>\n<li>um gesund und erfolgreich Sport machen zu k\u00f6nnen<\/li>\n<li>Ihr K\u00f6rpergewicht zu kontrollieren<\/li>\n<li>oder sich ganz einfach wohlzuf\u00fchlen.<\/li>\n<\/ul>\n<p>Zudem haben wir ganz spezielle Produkte, die Ihnen helfen fit zu werden und zu bleiben. Dabei setzen wir vor allem auf Naturprodukte und traditionelle Verfahren. Selbstverst\u00e4ndlich haben wir auch ein gro\u00dfes Sortiment f\u00fcr vegane Sportler und Menschen mit anderen Unvertr\u00e4glichkeiten.<\/p>\n<\/div><\/section><\/div>\n<style type=\"text\/css\" data-created_by=\"avia_inline_auto\" id=\"style-css-av-av_one_half-c8fc129dc35fd1ae2a1e410224d39ea8\">\n.flex_column.av-av_one_half-c8fc129dc35fd1ae2a1e410224d39ea8{\nborder-radius:0px 0px 0px 0px;\npadding:0px 0px 0px 0px;\n}\n<\/style>\n<div  class='flex_column av-av_one_half-c8fc129dc35fd1ae2a1e410224d39ea8 av_one_half  avia-builder-el-29  el_after_av_one_half  el_before_av_hr  flex_column_div av-zero-column-padding  '     ><style type=\"text\/css\" data-created_by=\"avia_inline_auto\" id=\"style-css-av-av_image-a0784e0db884af32f70451c1bdfb24ef\">\n.avia-image-container.av-av_image-a0784e0db884af32f70451c1bdfb24ef img.avia_image{\nbox-shadow:none;\n}\n.avia-image-container.av-av_image-a0784e0db884af32f70451c1bdfb24ef .av-image-caption-overlay-center{\ncolor:#ffffff;\n}\n<\/style>\n<div  class='avia-image-container av-av_image-a0784e0db884af32f70451c1bdfb24ef av-styling- avia-align-center  avia-builder-el-30  avia-builder-el-no-sibling '   itemprop=\"image\" itemscope=\"itemscope\" itemtype=\"https:\/\/schema.org\/ImageObject\" ><div class=\"avia-image-container-inner\"><div class=\"avia-image-overlay-wrap\"><img fetchpriority=\"high\" class='wp-image-1216 avia-img-lazy-loading-not-1216 avia_image ' src='https:\/\/www.apotheke-am-dermatologikum.de\/wp-content\/uploads\/2018\/03\/Schwerpunkt_Sport_Erna\u0308hrung-845x684.jpg' alt='' title='Schwerpunkt_Sport_Erna\u0308hrung'  height=\"684\" width=\"845\"  itemprop=\"thumbnailUrl\"  \/><\/div><\/div><\/div><\/div>\n<style type=\"text\/css\" data-created_by=\"avia_inline_auto\" id=\"style-css-av-av_hr-e13872f8c9c593a84e874dbf17260545\">\n#top .hr.hr-invisible.av-av_hr-e13872f8c9c593a84e874dbf17260545{\nheight:40px;\n}\n<\/style>\n<div  class='hr av-av_hr-e13872f8c9c593a84e874dbf17260545 hr-invisible  avia-builder-el-31  el_after_av_one_half  avia-builder-el-last '><span class='hr-inner '><span class=\"hr-inner-style\"><\/span><\/span><\/div>\n<\/div><\/div><\/div><!-- close content main div --><\/div><\/div><div id='kosmetik'  class='avia-section av-av_section-85395aaf95622a2b81a6c3b271c79171 main_color avia-section-default avia-no-shadow  avia-builder-el-32  el_after_av_section  el_before_av_section  avia-bg-style-scroll container_wrap sidebar_right'  ><div class='container av-section-cont-open' ><div class='template-page content  av-content-small alpha units'><div class='post-entry post-entry-type-page post-entry-1131'><div class='entry-content-wrapper clearfix'>\n\n<style type=\"text\/css\" data-created_by=\"avia_inline_auto\" id=\"style-css-av-av_hr-e13872f8c9c593a84e874dbf17260545\">\n#top .hr.hr-invisible.av-av_hr-e13872f8c9c593a84e874dbf17260545{\nheight:40px;\n}\n<\/style>\n<div  class='hr av-av_hr-e13872f8c9c593a84e874dbf17260545 hr-invisible  avia-builder-el-33  el_before_av_one_half  avia-builder-el-first '><span class='hr-inner '><span class=\"hr-inner-style\"><\/span><\/span><\/div>\n\n<style type=\"text\/css\" data-created_by=\"avia_inline_auto\" id=\"style-css-av-av_one_half-15d750bd1b332b34c6e70b077ebbccdf\">\n.flex_column.av-av_one_half-15d750bd1b332b34c6e70b077ebbccdf{\nborder-radius:0px 0px 0px 0px;\npadding:0px 0px 0px 0px;\n}\n<\/style>\n<div  class='flex_column av-av_one_half-15d750bd1b332b34c6e70b077ebbccdf av_one_half  avia-builder-el-34  el_after_av_hr  el_before_av_one_half  first flex_column_div av-zero-column-padding  '     ><section  class='av_textblock_section av-av_textblock-2bd894dbf2e4bf2c4acf98ce4fbf94aa '   itemscope=\"itemscope\" itemtype=\"https:\/\/schema.org\/CreativeWork\" ><div class='avia_textblock'  itemprop=\"text\" ><h3>Schwerpunkt Kosmetik: Nichts ist sch\u00f6ner als Gesundheit<\/h3>\n<p>Diese \u00dcberzeugung pr\u00e4gt unser Angebot und unsere Leistungen in der Kosmetik.\u00a0Deshalb f\u00fchren wir nur hochwertige Pflegeprodukte starker Marken f\u00fcr alle Hauttypen und Altersstufen. Vor allem aber bieten wir Ihnen die fundierte Beratung und das Fachwissen unserer bestens geschulten Mitarbeiter.<\/p>\n<p>Im pers\u00f6nlichen Gespr\u00e4ch finden wir die richtige L\u00f6sung, abgefangen von Anti-Age \u00fcber die richtige Kosmetik bei dermatologischen Problemen sowie die richtigen f\u00fcr sensible oder zu Allergien neigende Haut. Und selbstverst\u00e4ndlich haben wir auch eine gro\u00dfe Auswahl an Sonnenprodukten und Produkten f\u00fcr Kinder.<\/p>\n<p>Hier unsere wichtigsten Kosmetik-Marken im \u00dcberblick:<\/p>\n<\/div><\/section><\/div>\n<style type=\"text\/css\" data-created_by=\"avia_inline_auto\" id=\"style-css-av-av_one_half-c8fc129dc35fd1ae2a1e410224d39ea8\">\n.flex_column.av-av_one_half-c8fc129dc35fd1ae2a1e410224d39ea8{\nborder-radius:0px 0px 0px 0px;\npadding:0px 0px 0px 0px;\n}\n<\/style>\n<div  class='flex_column av-av_one_half-c8fc129dc35fd1ae2a1e410224d39ea8 av_one_half  avia-builder-el-36  el_after_av_one_half  el_before_av_hr  flex_column_div av-zero-column-padding  '     ><style type=\"text\/css\" data-created_by=\"avia_inline_auto\" id=\"style-css-av-av_image-0cd4bff8075a410a39dda8fc0955cd91\">\n.avia-image-container.av-av_image-0cd4bff8075a410a39dda8fc0955cd91 img.avia_image{\nbox-shadow:none;\n}\n.avia-image-container.av-av_image-0cd4bff8075a410a39dda8fc0955cd91 .av-image-caption-overlay-center{\ncolor:#ffffff;\n}\n<\/style>\n<div  class='avia-image-container av-av_image-0cd4bff8075a410a39dda8fc0955cd91 av-styling- avia-align-center  avia-builder-el-37  avia-builder-el-no-sibling '   itemprop=\"image\" itemscope=\"itemscope\" itemtype=\"https:\/\/schema.org\/ImageObject\" ><div class=\"avia-image-container-inner\"><div class=\"avia-image-overlay-wrap\"><img fetchpriority=\"high\" class='wp-image-1217 avia-img-lazy-loading-not-1217 avia_image ' src='https:\/\/www.apotheke-am-dermatologikum.de\/wp-content\/uploads\/2018\/03\/Schwerpunkt_Kosmetik-845x680.jpg' alt='' title='Schwerpunkt_Kosmetik'  height=\"680\" width=\"845\"  itemprop=\"thumbnailUrl\"  \/><\/div><\/div><\/div><\/div>\n<style type=\"text\/css\" data-created_by=\"avia_inline_auto\" id=\"style-css-av-av_hr-e13872f8c9c593a84e874dbf17260545\">\n#top .hr.hr-invisible.av-av_hr-e13872f8c9c593a84e874dbf17260545{\nheight:40px;\n}\n<\/style>\n<div  class='hr av-av_hr-e13872f8c9c593a84e874dbf17260545 hr-invisible  avia-builder-el-38  el_after_av_one_half  avia-builder-el-last '><span class='hr-inner '><span class=\"hr-inner-style\"><\/span><\/span><\/div>\n<\/div><\/div><\/div><!-- close content main div --><\/div><\/div>\n<style type=\"text\/css\" data-created_by=\"avia_inline_auto\" id=\"style-css-av-av_section-9853acbd33d706506a931b8bbbe149e6\">\n.avia-section.av-av_section-9853acbd33d706506a931b8bbbe149e6{\nbackground-color:#f4edde;\nbackground-image:unset;\n}\n<\/style>\n<div id='natur'  class='avia-section av-av_section-9853acbd33d706506a931b8bbbe149e6 main_color avia-section-default avia-no-shadow  avia-builder-el-39  el_after_av_section  avia-builder-el-last  avia-bg-style-scroll container_wrap sidebar_right'  ><div class='container av-section-cont-open' ><div class='template-page content  av-content-small alpha units'><div class='post-entry post-entry-type-page post-entry-1131'><div class='entry-content-wrapper clearfix'>\n\n<style type=\"text\/css\" data-created_by=\"avia_inline_auto\" id=\"style-css-av-av_hr-e13872f8c9c593a84e874dbf17260545\">\n#top .hr.hr-invisible.av-av_hr-e13872f8c9c593a84e874dbf17260545{\nheight:40px;\n}\n<\/style>\n<div  class='hr av-av_hr-e13872f8c9c593a84e874dbf17260545 hr-invisible  avia-builder-el-40  el_before_av_one_half  avia-builder-el-first '><span class='hr-inner '><span class=\"hr-inner-style\"><\/span><\/span><\/div>\n\n<style type=\"text\/css\" data-created_by=\"avia_inline_auto\" id=\"style-css-av-av_one_half-15d750bd1b332b34c6e70b077ebbccdf\">\n.flex_column.av-av_one_half-15d750bd1b332b34c6e70b077ebbccdf{\nborder-radius:0px 0px 0px 0px;\npadding:0px 0px 0px 0px;\n}\n<\/style>\n<div  class='flex_column av-av_one_half-15d750bd1b332b34c6e70b077ebbccdf av_one_half  avia-builder-el-41  el_after_av_hr  el_before_av_one_half  first flex_column_div av-zero-column-padding  '     ><section  class='av_textblock_section av-av_textblock-2bd894dbf2e4bf2c4acf98ce4fbf94aa '   itemscope=\"itemscope\" itemtype=\"https:\/\/schema.org\/CreativeWork\" ><div class='avia_textblock'  itemprop=\"text\" ><h3>S<span class=\"s1\"><i>chwerpunkt Natur:\u00a0<\/i><\/span><span class=\"s2\"><b>\u201eTradition ist nicht das Anbeten der Asches, sondern das Weiterreichen des Feuers\u201c<br \/>\n<\/b><\/span><span class=\"s2\"><b>Thomas Morus<\/b><\/span><\/h3>\n<p>Neben der klassischen Schulmedizin setzen wir auch auf die Heilkr\u00e4fte der Natur. Dabei geht es uns nicht um das Ersetzen, sondern um das Erg\u00e4nzen von moderner Pharmazie um bew\u00e4hrte Produkte und Verfahren aus der Naturheilkunde. Dabei achten wir bei der Auswahl unserer Lieferanten auf Bio-Qualit\u00e4t.<\/p>\n<p>In enger Zusammenarbeit mit unserer Partner-Apotheke Saint Charles in Wien (Link) setzen wir auf die Traditionelle Europ\u00e4ische Medizin (TEM) und damit auf Tradition und uraltes Wissen, dass bereits unsere Gro\u00dfeltern gesund gemacht hat. Und das kombinieren wir mit aktuellen modernen Erkenntnissen. Laut Paracelsus ist gegen jede Krankheit und f\u00fcr jede Gesundheit ein Kraut gewachsen. Und das direkt vor unserer Nase.<br \/>\nRIGHT TO THE ROOTS.<\/p>\n<p>Zus\u00e4tzlich zu allen \u00fcblichen Apothekenprodukten bietet wir Ihnen eine Vielzahl an Hausspezialit\u00e4ten und -formeln von Nahrungserg\u00e4nzung bis hin zur Kosmetik, sowie organische Produkte von streng selektierten Exklusiv-Lieferanten.<\/p>\n<\/div><\/section><\/div>\n<style type=\"text\/css\" data-created_by=\"avia_inline_auto\" id=\"style-css-av-av_one_half-c8fc129dc35fd1ae2a1e410224d39ea8\">\n.flex_column.av-av_one_half-c8fc129dc35fd1ae2a1e410224d39ea8{\nborder-radius:0px 0px 0px 0px;\npadding:0px 0px 0px 0px;\n}\n<\/style>\n<div  class='flex_column av-av_one_half-c8fc129dc35fd1ae2a1e410224d39ea8 av_one_half  avia-builder-el-43  el_after_av_one_half  el_before_av_hr  flex_column_div av-zero-column-padding  '     ><style type=\"text\/css\" data-created_by=\"avia_inline_auto\" id=\"style-css-av-av_image-bcfe23526b9f6195f33fc5f2d723ba21\">\n.avia-image-container.av-av_image-bcfe23526b9f6195f33fc5f2d723ba21 img.avia_image{\nbox-shadow:none;\n}\n.avia-image-container.av-av_image-bcfe23526b9f6195f33fc5f2d723ba21 .av-image-caption-overlay-center{\ncolor:#ffffff;\n}\n<\/style>\n<div  class='avia-image-container av-av_image-bcfe23526b9f6195f33fc5f2d723ba21 av-styling- avia-align-center  avia-builder-el-44  avia-builder-el-no-sibling '   itemprop=\"image\" itemscope=\"itemscope\" itemtype=\"https:\/\/schema.org\/ImageObject\" ><div class=\"avia-image-container-inner\"><div class=\"avia-image-overlay-wrap\"><img fetchpriority=\"high\" class='wp-image-1218 avia-img-lazy-loading-not-1218 avia_image ' src='https:\/\/www.apotheke-am-dermatologikum.de\/wp-content\/uploads\/2018\/03\/Schwerpunkt_Natur-845x684.jpg' alt='' title='Schwerpunkt_Natur'  height=\"684\" width=\"845\"  itemprop=\"thumbnailUrl\"  \/><\/div><\/div><\/div><\/div>\n<style type=\"text\/css\" data-created_by=\"avia_inline_auto\" id=\"style-css-av-av_hr-e13872f8c9c593a84e874dbf17260545\">\n#top .hr.hr-invisible.av-av_hr-e13872f8c9c593a84e874dbf17260545{\nheight:40px;\n}\n<\/style>\n<div  class='hr av-av_hr-e13872f8c9c593a84e874dbf17260545 hr-invisible  avia-builder-el-45  el_after_av_one_half  avia-builder-el-last '><span class='hr-inner '><span class=\"hr-inner-style\"><\/span><\/span><\/div>\n<\/div><\/div><\/div><!-- close content main div --><\/div><\/div><div id='after_section_7'  class='main_color av_default_container_wrap container_wrap sidebar_right'  ><div class='container av-section-cont-open' ><div class='template-page content  av-content-small alpha units'><div class='post-entry post-entry-type-page post-entry-1131'><div class='entry-content-wrapper clearfix'><\/p>\n","protected":false},"excerpt":{"rendered":"","protected":false},"author":3,"featured_media":0,"parent":0,"menu_order":0,"comment_status":"closed","ping_status":"closed","template":"","meta":{"footnotes":""},"class_list":["post-1131","page","type-page","status-publish","hentry"],"_links":{"self":[{"href":"https:\/\/www.apotheke-am-dermatologikum.de\/index.php\/wp-json\/wp\/v2\/pages\/1131","targetHints":{"allow":["GET"]}}],"collection":[{"href":"https:\/\/www.apotheke-am-dermatologikum.de\/index.php\/wp-json\/wp\/v2\/pages"}],"about":[{"href":"https:\/\/www.apotheke-am-dermatologikum.de\/index.php\/wp-json\/wp\/v2\/types\/page"}],"author":[{"embeddable":true,"href":"https:\/\/www.apotheke-am-dermatologikum.de\/index.php\/wp-json\/wp\/v2\/users\/3"}],"replies":[{"embeddable":true,"href":"https:\/\/www.apotheke-am-dermatologikum.de\/index.php\/wp-json\/wp\/v2\/comments?post=1131"}],"version-history":[{"count":5,"href":"https:\/\/www.apotheke-am-dermatologikum.de\/index.php\/wp-json\/wp\/v2\/pages\/1131\/revisions"}],"predecessor-version":[{"id":2109,"href":"https:\/\/www.apotheke-am-dermatologikum.de\/index.php\/wp-json\/wp\/v2\/pages\/1131\/revisions\/2109"}],"wp:attachment":[{"href":"https:\/\/www.apotheke-am-dermatologikum.de\/index.php\/wp-json\/wp\/v2\/media?parent=1131"}],"curies":[{"name":"wp","href":"https:\/\/api.w.org\/{rel}","templated":true}]}}